{"id":82,"date":"2025-03-07T08:41:56","date_gmt":"2025-03-07T08:41:56","guid":{"rendered":"https:\/\/landseer-nothilfe.de\/?page_id=82"},"modified":"2025-03-16T10:21:07","modified_gmt":"2025-03-16T10:21:07","slug":"aktuelles","status":"publish","type":"page","link":"https:\/\/landseer-nothilfe.de\/index.php\/aktuelles\/","title":{"rendered":"Aktuelles"},"content":{"rendered":"\n<div style=\"height:50px\" aria-hidden=\"true\" class=\"wp-block-spacer\"><\/div>\n\n\n\n<div class=\"wp-block-group has-global-padding is-layout-constrained wp-block-group-is-layout-constrained\" style=\"border-style:none;border-width:0px;padding-top:0;padding-bottom:0\">\n<div class=\"wp-block-group has-global-padding is-layout-constrained wp-container-core-group-is-layout-7db9d80f wp-block-group-is-layout-constrained\" style=\"border-style:none;border-width:0px;border-radius:10px;padding-right:0;padding-left:0\">\n<div class=\"wp-block-query alignwide is-layout-flow wp-block-query-is-layout-flow\">\n<div class=\"wp-block-group is-layout-flow wp-block-group-is-layout-flow\" style=\"margin-top:0;margin-bottom:0;padding-top:0;padding-right:0;padding-bottom:0;padding-left:0\"><ul class=\"columns-3 alignfull wp-block-post-template is-layout-grid wp-container-core-post-template-is-layout-2d080239 wp-block-post-template-is-layout-grid\"><li class=\"wp-block-post post-1675 post type-post status-publish format-standard has-post-thumbnail hentry category-aktuelles\">\n<figure style=\"aspect-ratio:1; padding-bottom:0;margin-bottom:0;margin-top:0;\" class=\"wp-block-post-featured-image\"><a href=\"https:\/\/landseer-nothilfe.de\/index.php\/2026\/03\/25\/spaziergang-am-dreilaendereck-alle-infos\/\" target=\"_self\"  ><img loading=\"lazy\" decoding=\"async\" width=\"1385\" height=\"779\" src=\"https:\/\/landseer-nothilfe.de\/wp-content\/uploads\/2026\/03\/IMG_0302.jpeg\" class=\"attachment-post-thumbnail size-post-thumbnail wp-post-image\" alt=\"Spaziergang am Dreil\u00e4ndereck &#8211; alle Infos\" style=\"border-radius:0px;width:100%;height:100%;object-fit:cover;\" srcset=\"https:\/\/landseer-nothilfe.de\/wp-content\/uploads\/2026\/03\/IMG_0302.jpeg 1385w, https:\/\/landseer-nothilfe.de\/wp-content\/uploads\/2026\/03\/IMG_0302-300x169.jpeg 300w, https:\/\/landseer-nothilfe.de\/wp-content\/uploads\/2026\/03\/IMG_0302-1024x576.jpeg 1024w, https:\/\/landseer-nothilfe.de\/wp-content\/uploads\/2026\/03\/IMG_0302-768x432.jpeg 768w\" sizes=\"auto, (max-width: 1385px) 100vw, 1385px\" \/><\/a><\/figure>\n\n\n<div class=\"wp-block-group has-link-color wp-elements-5d055f387d4f6cfab7be16eafd96d202 is-vertical is-nowrap is-layout-flex wp-container-core-group-is-layout-de347205 wp-block-group-is-layout-flex\" style=\"margin-top:var(--wp--preset--spacing--20);padding-top:var(--wp--preset--spacing--10);padding-bottom:var(--wp--preset--spacing--10)\"><h3 style=\"font-size:clamp(0.984rem, 0.984rem + ((1vw - 0.2rem) * 0.645), 1.5rem);\" class=\"wp-block-post-title wp-container-content-32e3a40d\">Spaziergang am Dreil\u00e4ndereck &#8211; alle Infos<\/h3>\n\n<div style=\"font-size:clamp(0.875rem, 0.875rem + ((1vw - 0.2rem) * 0.406), 1.2rem);font-style:normal;font-weight:500;line-height:0.5;\" class=\"has-link-color wp-elements-9497a97b01b0445fffeab87486f59a8d wp-block-post-date has-text-color has-custom-color-4-color has-plein-font-family\"><time datetime=\"2026-03-25T09:12:18+00:00\">25. M\u00e4rz 2026<\/time><\/div>\n\n\n<div style=\"height:100px\" aria-hidden=\"true\" class=\"wp-block-spacer wp-container-content-b0b89ccb\"><\/div>\n\n\n<div style=\"font-size:clamp(0.984rem, 0.984rem + ((1vw - 0.2rem) * 0.645), 1.5rem);\" class=\"wp-block-post-excerpt has-text-color has-contrast-2-color\"><p class=\"wp-block-post-excerpt__excerpt\">Der Dreil\u00e4nderpunkt in Vaals, gelegen auf dem Vaalserberg, ist ein einzigartiger Ort, an dem die Niederlande, Belgien und Deutschland zusammentreffen. Dieser besondere Punkt hat eine reiche Geschichte: Bereits im 19. Jahrhundert war er ein strategischer Grenzstandort, an dem sogar ein vierter Mini-Staat existierte \u2013 das ehemalige Neutral-Moresnet.<\/p><p class=\"wp-block-post-excerpt__more-text\"><a class=\"wp-block-post-excerpt__more-link\" href=\"https:\/\/landseer-nothilfe.de\/index.php\/2026\/03\/25\/spaziergang-am-dreilaendereck-alle-infos\/\">Weiterlesen &#8230;<\/a><\/p><\/div>\n\n\n<div style=\"height:0px\" aria-hidden=\"true\" class=\"wp-block-spacer wp-container-content-b0b89ccb\"><\/div>\n<\/div>\n\n<\/li><li class=\"wp-block-post post-1608 post type-post status-publish format-standard has-post-thumbnail hentry category-aktuelles\">\n<figure style=\"aspect-ratio:1; padding-bottom:0;margin-bottom:0;margin-top:0;\" class=\"wp-block-post-featured-image\"><a href=\"https:\/\/landseer-nothilfe.de\/index.php\/2026\/01\/02\/unsere-termine-fuer-2026\/\" target=\"_self\"  ><img loading=\"lazy\" decoding=\"async\" width=\"1024\" height=\"1024\" src=\"https:\/\/landseer-nothilfe.de\/wp-content\/uploads\/2026\/01\/spielende-Landseeer-quadrat.png\" class=\"attachment-post-thumbnail size-post-thumbnail wp-post-image\" alt=\"Unsere Termine f\u00fcr 2026\" style=\"border-radius:0px;width:100%;height:100%;object-fit:cover;\" srcset=\"https:\/\/landseer-nothilfe.de\/wp-content\/uploads\/2026\/01\/spielende-Landseeer-quadrat.png 1024w, https:\/\/landseer-nothilfe.de\/wp-content\/uploads\/2026\/01\/spielende-Landseeer-quadrat-300x300.png 300w, https:\/\/landseer-nothilfe.de\/wp-content\/uploads\/2026\/01\/spielende-Landseeer-quadrat-150x150.png 150w, https:\/\/landseer-nothilfe.de\/wp-content\/uploads\/2026\/01\/spielende-Landseeer-quadrat-768x768.png 768w\" sizes=\"auto, (max-width: 1024px) 100vw, 1024px\" \/><\/a><\/figure>\n\n\n<div class=\"wp-block-group has-link-color wp-elements-5d055f387d4f6cfab7be16eafd96d202 is-vertical is-nowrap is-layout-flex wp-container-core-group-is-layout-de347205 wp-block-group-is-layout-flex\" style=\"margin-top:var(--wp--preset--spacing--20);padding-top:var(--wp--preset--spacing--10);padding-bottom:var(--wp--preset--spacing--10)\"><h3 style=\"font-size:clamp(0.984rem, 0.984rem + ((1vw - 0.2rem) * 0.645), 1.5rem);\" class=\"wp-block-post-title wp-container-content-32e3a40d\">Unsere Termine f\u00fcr 2026<\/h3>\n\n<div style=\"font-size:clamp(0.875rem, 0.875rem + ((1vw - 0.2rem) * 0.406), 1.2rem);font-style:normal;font-weight:500;line-height:0.5;\" class=\"has-link-color wp-elements-9497a97b01b0445fffeab87486f59a8d wp-block-post-date has-text-color has-custom-color-4-color has-plein-font-family\"><time datetime=\"2026-01-02T17:54:10+00:00\">2. Januar 2026<\/time><\/div>\n\n\n<div style=\"height:100px\" aria-hidden=\"true\" class=\"wp-block-spacer wp-container-content-b0b89ccb\"><\/div>\n\n\n<div style=\"font-size:clamp(0.984rem, 0.984rem + ((1vw - 0.2rem) * 0.645), 1.5rem);\" class=\"wp-block-post-excerpt has-text-color has-contrast-2-color\"><p class=\"wp-block-post-excerpt__excerpt\">Liebe Mitglieder und Landseer Freunde, einige Termine f\u00fcr das Jahr 2026 stehen fest. In diesem Jahr gibt es wieder ein Sommerfest und Landseer-Treffen mit Spazierg\u00e4ngen. Seid dabei!<\/p><p class=\"wp-block-post-excerpt__more-text\"><a class=\"wp-block-post-excerpt__more-link\" href=\"https:\/\/landseer-nothilfe.de\/index.php\/2026\/01\/02\/unsere-termine-fuer-2026\/\">Weiterlesen &#8230;<\/a><\/p><\/div>\n\n\n<div style=\"height:0px\" aria-hidden=\"true\" class=\"wp-block-spacer wp-container-content-b0b89ccb\"><\/div>\n<\/div>\n\n<\/li><li class=\"wp-block-post post-1561 post type-post status-publish format-standard has-post-thumbnail hentry category-aktuelles category-diesunddas\">\n<figure style=\"aspect-ratio:1; padding-bottom:0;margin-bottom:0;margin-top:0;\" class=\"wp-block-post-featured-image\"><a href=\"https:\/\/landseer-nothilfe.de\/index.php\/2025\/12\/12\/bald-ist-silvester\/\" target=\"_self\"  ><img loading=\"lazy\" decoding=\"async\" width=\"842\" height=\"842\" src=\"https:\/\/landseer-nothilfe.de\/wp-content\/uploads\/2025\/12\/Silvester-2-neu_BeitragCover.jpg\" class=\"attachment-post-thumbnail size-post-thumbnail wp-post-image\" alt=\"Bald ist Silvester \u2026\" style=\"border-radius:0px;width:100%;height:100%;object-fit:cover;\" srcset=\"https:\/\/landseer-nothilfe.de\/wp-content\/uploads\/2025\/12\/Silvester-2-neu_BeitragCover.jpg 842w, https:\/\/landseer-nothilfe.de\/wp-content\/uploads\/2025\/12\/Silvester-2-neu_BeitragCover-300x300.jpg 300w, https:\/\/landseer-nothilfe.de\/wp-content\/uploads\/2025\/12\/Silvester-2-neu_BeitragCover-150x150.jpg 150w, https:\/\/landseer-nothilfe.de\/wp-content\/uploads\/2025\/12\/Silvester-2-neu_BeitragCover-768x768.jpg 768w\" sizes=\"auto, (max-width: 842px) 100vw, 842px\" \/><\/a><\/figure>\n\n\n<div class=\"wp-block-group has-link-color wp-elements-5d055f387d4f6cfab7be16eafd96d202 is-vertical is-nowrap is-layout-flex wp-container-core-group-is-layout-de347205 wp-block-group-is-layout-flex\" style=\"margin-top:var(--wp--preset--spacing--20);padding-top:var(--wp--preset--spacing--10);padding-bottom:var(--wp--preset--spacing--10)\"><h3 style=\"font-size:clamp(0.984rem, 0.984rem + ((1vw - 0.2rem) * 0.645), 1.5rem);\" class=\"wp-block-post-title wp-container-content-32e3a40d\">Bald ist Silvester \u2026<\/h3>\n\n<div style=\"font-size:clamp(0.875rem, 0.875rem + ((1vw - 0.2rem) * 0.406), 1.2rem);font-style:normal;font-weight:500;line-height:0.5;\" class=\"has-link-color wp-elements-9497a97b01b0445fffeab87486f59a8d wp-block-post-date has-text-color has-custom-color-4-color has-plein-font-family\"><time datetime=\"2025-12-12T09:07:22+00:00\">12. Dezember 2025<\/time><\/div>\n\n\n<div style=\"height:100px\" aria-hidden=\"true\" class=\"wp-block-spacer wp-container-content-b0b89ccb\"><\/div>\n\n\n<div style=\"font-size:clamp(0.984rem, 0.984rem + ((1vw - 0.2rem) * 0.645), 1.5rem);\" class=\"wp-block-post-excerpt has-text-color has-contrast-2-color\"><p class=\"wp-block-post-excerpt__excerpt\">\u2026 und damit f\u00fcr viele Hunde der schlimmste Tag des Jahres, an dem sie vor Angst nicht wissen, was sie machen, wie sie sich verhalten sollen. Im letzten Jahr wurde von der Gewerkschaft der Polizei Berlin die Petition \u201eBundesweites B\u00f6llerverbot, jetzt!\u201c gestartet. Viele von uns, von euch haben diese Petition bereits unterzeichnet. \u00dcber 2 Millionen<\/p><p class=\"wp-block-post-excerpt__more-text\"><a class=\"wp-block-post-excerpt__more-link\" href=\"https:\/\/landseer-nothilfe.de\/index.php\/2025\/12\/12\/bald-ist-silvester\/\">Weiterlesen &#8230;<\/a><\/p><\/div>\n\n\n<div style=\"height:0px\" aria-hidden=\"true\" class=\"wp-block-spacer wp-container-content-b0b89ccb\"><\/div>\n<\/div>\n\n<\/li><li class=\"wp-block-post post-1473 post type-post status-publish format-standard has-post-thumbnail hentry category-aktuelles\">\n<figure style=\"aspect-ratio:1; padding-bottom:0;margin-bottom:0;margin-top:0;\" class=\"wp-block-post-featured-image\"><a href=\"https:\/\/landseer-nothilfe.de\/index.php\/2025\/11\/25\/wir-kooperieren-mit-tierheimen-und-tierschutzorganisationen\/\" target=\"_self\"  ><img loading=\"lazy\" decoding=\"async\" width=\"663\" height=\"663\" src=\"https:\/\/landseer-nothilfe.de\/wp-content\/uploads\/2025\/11\/Tierorganisationen_n.jpg\" class=\"attachment-post-thumbnail size-post-thumbnail wp-post-image\" alt=\"Wir kooperieren mit Tierheimen und Tierschutzorganisationen\" style=\"border-radius:0px;width:100%;height:100%;object-fit:cover;\" srcset=\"https:\/\/landseer-nothilfe.de\/wp-content\/uploads\/2025\/11\/Tierorganisationen_n.jpg 663w, https:\/\/landseer-nothilfe.de\/wp-content\/uploads\/2025\/11\/Tierorganisationen_n-300x300.jpg 300w, https:\/\/landseer-nothilfe.de\/wp-content\/uploads\/2025\/11\/Tierorganisationen_n-150x150.jpg 150w\" sizes=\"auto, (max-width: 663px) 100vw, 663px\" \/><\/a><\/figure>\n\n\n<div class=\"wp-block-group has-link-color wp-elements-5d055f387d4f6cfab7be16eafd96d202 is-vertical is-nowrap is-layout-flex wp-container-core-group-is-layout-de347205 wp-block-group-is-layout-flex\" style=\"margin-top:var(--wp--preset--spacing--20);padding-top:var(--wp--preset--spacing--10);padding-bottom:var(--wp--preset--spacing--10)\"><h3 style=\"font-size:clamp(0.984rem, 0.984rem + ((1vw - 0.2rem) * 0.645), 1.5rem);\" class=\"wp-block-post-title wp-container-content-32e3a40d\">Wir kooperieren mit Tierheimen und Tierschutzorganisationen<\/h3>\n\n<div style=\"font-size:clamp(0.875rem, 0.875rem + ((1vw - 0.2rem) * 0.406), 1.2rem);font-style:normal;font-weight:500;line-height:0.5;\" class=\"has-link-color wp-elements-9497a97b01b0445fffeab87486f59a8d wp-block-post-date has-text-color has-custom-color-4-color has-plein-font-family\"><time datetime=\"2025-11-25T09:09:43+00:00\">25. November 2025<\/time><\/div>\n\n\n<div style=\"height:100px\" aria-hidden=\"true\" class=\"wp-block-spacer wp-container-content-b0b89ccb\"><\/div>\n\n\n<div style=\"font-size:clamp(0.984rem, 0.984rem + ((1vw - 0.2rem) * 0.645), 1.5rem);\" class=\"wp-block-post-excerpt has-text-color has-contrast-2-color\"><p class=\"wp-block-post-excerpt__excerpt\">Wir bauen unser Netzwerk aus, um m\u00f6glichst vielen Landseern, die eine neue Familie suchen, zu unterst\u00fctzen. Dazu haben wir fast 900 Tierheime und Tierschutzorganisationen angeschrieben und Vermittlungshilfe angeboten. Die Reaktionen und die vielen Danke-Mails haben uns \u00fcberw\u00e4ltigt.Zum Gl\u00fcck \u2013 so haben fast alle geschrieben \u2013 werden Landseer nur selten abgegeben, aber wenn, dann werden sich<\/p><p class=\"wp-block-post-excerpt__more-text\"><a class=\"wp-block-post-excerpt__more-link\" href=\"https:\/\/landseer-nothilfe.de\/index.php\/2025\/11\/25\/wir-kooperieren-mit-tierheimen-und-tierschutzorganisationen\/\">Weiterlesen &#8230;<\/a><\/p><\/div>\n\n\n<div style=\"height:0px\" aria-hidden=\"true\" class=\"wp-block-spacer wp-container-content-b0b89ccb\"><\/div>\n<\/div>\n\n<\/li><li class=\"wp-block-post post-1143 post type-post status-publish format-standard has-post-thumbnail hentry category-aktuelles\">\n<figure style=\"aspect-ratio:1; padding-bottom:0;margin-bottom:0;margin-top:0;\" class=\"wp-block-post-featured-image\"><a href=\"https:\/\/landseer-nothilfe.de\/index.php\/2025\/09\/14\/der-neue-landseer-kalender-2026-ist-jetzt-bestellbar\/\" target=\"_self\"  ><img loading=\"lazy\" decoding=\"async\" width=\"682\" height=\"682\" src=\"https:\/\/landseer-nothilfe.de\/wp-content\/uploads\/2025\/12\/Ausverkauft-1.jpg\" class=\"attachment-post-thumbnail size-post-thumbnail wp-post-image\" alt=\"Der neue Landseer Kalender 2026 ist jetzt bestellbar!\" style=\"border-radius:0px;width:100%;height:100%;object-fit:cover;\" srcset=\"https:\/\/landseer-nothilfe.de\/wp-content\/uploads\/2025\/12\/Ausverkauft-1.jpg 682w, https:\/\/landseer-nothilfe.de\/wp-content\/uploads\/2025\/12\/Ausverkauft-1-300x300.jpg 300w, https:\/\/landseer-nothilfe.de\/wp-content\/uploads\/2025\/12\/Ausverkauft-1-150x150.jpg 150w\" sizes=\"auto, (max-width: 682px) 100vw, 682px\" \/><\/a><\/figure>\n\n\n<div class=\"wp-block-group has-link-color wp-elements-5d055f387d4f6cfab7be16eafd96d202 is-vertical is-nowrap is-layout-flex wp-container-core-group-is-layout-de347205 wp-block-group-is-layout-flex\" style=\"margin-top:var(--wp--preset--spacing--20);padding-top:var(--wp--preset--spacing--10);padding-bottom:var(--wp--preset--spacing--10)\"><h3 style=\"font-size:clamp(0.984rem, 0.984rem + ((1vw - 0.2rem) * 0.645), 1.5rem);\" class=\"wp-block-post-title wp-container-content-32e3a40d\">Der neue Landseer Kalender 2026 ist jetzt bestellbar!<\/h3>\n\n<div style=\"font-size:clamp(0.875rem, 0.875rem + ((1vw - 0.2rem) * 0.406), 1.2rem);font-style:normal;font-weight:500;line-height:0.5;\" class=\"has-link-color wp-elements-9497a97b01b0445fffeab87486f59a8d wp-block-post-date has-text-color has-custom-color-4-color has-plein-font-family\"><time datetime=\"2025-09-14T09:54:06+00:00\">14. September 2025<\/time><\/div>\n\n\n<div style=\"height:100px\" aria-hidden=\"true\" class=\"wp-block-spacer wp-container-content-b0b89ccb\"><\/div>\n\n\n<div style=\"font-size:clamp(0.984rem, 0.984rem + ((1vw - 0.2rem) * 0.645), 1.5rem);\" class=\"wp-block-post-excerpt has-text-color has-contrast-2-color\"><p class=\"wp-block-post-excerpt__excerpt\">Liebe Mitglieder, Freunde und F\u00f6rderer der Landseer-Nothilfe. Ab sofort ist der aktuelle Landseer Kalender 2026 in der Gesch\u00e4ftsstelle (geschaeftsstelle@landseer-nothilfe.de) bestellbar. Wir m\u00f6chten euch darauf hinweisen, dass wir in diesem Jahr nur eine begrenzte Anzahl Kalender haben. Die Bestellungen werden deshalb in der Reihenfolge ihres Eingangs ber\u00fccksichtigt. Der Kalender kostet inkl. Versandkosten weiterhin nur 25.00\u20ac. Nach<\/p><p class=\"wp-block-post-excerpt__more-text\"><a class=\"wp-block-post-excerpt__more-link\" href=\"https:\/\/landseer-nothilfe.de\/index.php\/2025\/09\/14\/der-neue-landseer-kalender-2026-ist-jetzt-bestellbar\/\">Weiterlesen &#8230;<\/a><\/p><\/div>\n\n\n<div style=\"height:0px\" aria-hidden=\"true\" class=\"wp-block-spacer wp-container-content-b0b89ccb\"><\/div>\n<\/div>\n\n<\/li><li class=\"wp-block-post post-947 post type-post status-publish format-standard has-post-thumbnail hentry category-aktuelles\">\n<figure style=\"aspect-ratio:1; padding-bottom:0;margin-bottom:0;margin-top:0;\" class=\"wp-block-post-featured-image\"><a href=\"https:\/\/landseer-nothilfe.de\/index.php\/2025\/08\/28\/mitgliederversammlung-und-landseer-treffen-am-26-juli-2025\/\" target=\"_self\"  ><img loading=\"lazy\" decoding=\"async\" width=\"1222\" height=\"817\" src=\"https:\/\/landseer-nothilfe.de\/wp-content\/uploads\/2025\/10\/12-Mitgliederinfo-August-2025-1.jpg\" class=\"attachment-post-thumbnail size-post-thumbnail wp-post-image\" alt=\"Ergebnisse MV 2025 \/ Mitgliederinformation\" style=\"border-radius:0px;width:100%;height:100%;object-fit:cover;\" srcset=\"https:\/\/landseer-nothilfe.de\/wp-content\/uploads\/2025\/10\/12-Mitgliederinfo-August-2025-1.jpg 1222w, https:\/\/landseer-nothilfe.de\/wp-content\/uploads\/2025\/10\/12-Mitgliederinfo-August-2025-1-300x201.jpg 300w, https:\/\/landseer-nothilfe.de\/wp-content\/uploads\/2025\/10\/12-Mitgliederinfo-August-2025-1-1024x685.jpg 1024w, https:\/\/landseer-nothilfe.de\/wp-content\/uploads\/2025\/10\/12-Mitgliederinfo-August-2025-1-768x513.jpg 768w\" sizes=\"auto, (max-width: 1222px) 100vw, 1222px\" \/><\/a><\/figure>\n\n\n<div class=\"wp-block-group has-link-color wp-elements-5d055f387d4f6cfab7be16eafd96d202 is-vertical is-nowrap is-layout-flex wp-container-core-group-is-layout-de347205 wp-block-group-is-layout-flex\" style=\"margin-top:var(--wp--preset--spacing--20);padding-top:var(--wp--preset--spacing--10);padding-bottom:var(--wp--preset--spacing--10)\"><h3 style=\"font-size:clamp(0.984rem, 0.984rem + ((1vw - 0.2rem) * 0.645), 1.5rem);\" class=\"wp-block-post-title wp-container-content-32e3a40d\">Ergebnisse MV 2025 \/ Mitgliederinformation<\/h3>\n\n<div style=\"font-size:clamp(0.875rem, 0.875rem + ((1vw - 0.2rem) * 0.406), 1.2rem);font-style:normal;font-weight:500;line-height:0.5;\" class=\"has-link-color wp-elements-9497a97b01b0445fffeab87486f59a8d wp-block-post-date has-text-color has-custom-color-4-color has-plein-font-family\"><time datetime=\"2025-08-28T07:13:36+00:00\">28. August 2025<\/time><\/div>\n\n\n<div style=\"height:100px\" aria-hidden=\"true\" class=\"wp-block-spacer wp-container-content-b0b89ccb\"><\/div>\n\n\n<div style=\"font-size:clamp(0.984rem, 0.984rem + ((1vw - 0.2rem) * 0.645), 1.5rem);\" class=\"wp-block-post-excerpt has-text-color has-contrast-2-color\"><p class=\"wp-block-post-excerpt__excerpt\">Liebe Landseer-Freunde, unsere Mitgliederversammlung mit den Vorstandswahlen liegt hinter uns. Es war ein gutes Treffen und der neue Vorstand geht voller Optimismus an seine Arbeit. Die Ergebnisse werden hier schon einmal zusammengefasst und die neuen Vorstandsmitglieder stellen sich vor. Alle Infos in unserem Newsletter. Mitgliederinfo August 2025<\/p><p class=\"wp-block-post-excerpt__more-text\"><a class=\"wp-block-post-excerpt__more-link\" href=\"https:\/\/landseer-nothilfe.de\/index.php\/2025\/08\/28\/mitgliederversammlung-und-landseer-treffen-am-26-juli-2025\/\">Weiterlesen &#8230;<\/a><\/p><\/div>\n\n\n<div style=\"height:0px\" aria-hidden=\"true\" class=\"wp-block-spacer wp-container-content-b0b89ccb\"><\/div>\n<\/div>\n\n<\/li><li class=\"wp-block-post post-223 post type-post status-publish format-standard has-post-thumbnail hentry category-aktuelles\">\n<figure style=\"aspect-ratio:1; padding-bottom:0;margin-bottom:0;margin-top:0;\" class=\"wp-block-post-featured-image\"><a href=\"https:\/\/landseer-nothilfe.de\/index.php\/2024\/04\/29\/treffen-der-landseer-nothilfe-am-laacher-see\/\" target=\"_self\"  ><img loading=\"lazy\" decoding=\"async\" width=\"1600\" height=\"892\" src=\"https:\/\/landseer-nothilfe.de\/wp-content\/uploads\/2025\/03\/IMG-20240428-WA0003.jpg\" class=\"attachment-post-thumbnail size-post-thumbnail wp-post-image\" alt=\"Treffen der Landseer Nothilfe am Laacher See\" style=\"border-radius:0px;width:100%;height:100%;object-fit:cover;\" srcset=\"https:\/\/landseer-nothilfe.de\/wp-content\/uploads\/2025\/03\/IMG-20240428-WA0003.jpg 1600w, https:\/\/landseer-nothilfe.de\/wp-content\/uploads\/2025\/03\/IMG-20240428-WA0003-300x167.jpg 300w, https:\/\/landseer-nothilfe.de\/wp-content\/uploads\/2025\/03\/IMG-20240428-WA0003-1024x571.jpg 1024w, https:\/\/landseer-nothilfe.de\/wp-content\/uploads\/2025\/03\/IMG-20240428-WA0003-768x428.jpg 768w, https:\/\/landseer-nothilfe.de\/wp-content\/uploads\/2025\/03\/IMG-20240428-WA0003-1536x856.jpg 1536w\" sizes=\"auto, (max-width: 1600px) 100vw, 1600px\" \/><\/a><\/figure>\n\n\n<div class=\"wp-block-group has-link-color wp-elements-5d055f387d4f6cfab7be16eafd96d202 is-vertical is-nowrap is-layout-flex wp-container-core-group-is-layout-de347205 wp-block-group-is-layout-flex\" style=\"margin-top:var(--wp--preset--spacing--20);padding-top:var(--wp--preset--spacing--10);padding-bottom:var(--wp--preset--spacing--10)\"><h3 style=\"font-size:clamp(0.984rem, 0.984rem + ((1vw - 0.2rem) * 0.645), 1.5rem);\" class=\"wp-block-post-title wp-container-content-32e3a40d\">Treffen der Landseer Nothilfe am Laacher See<\/h3>\n\n<div style=\"font-size:clamp(0.875rem, 0.875rem + ((1vw - 0.2rem) * 0.406), 1.2rem);font-style:normal;font-weight:500;line-height:0.5;\" class=\"has-link-color wp-elements-9497a97b01b0445fffeab87486f59a8d wp-block-post-date has-text-color has-custom-color-4-color has-plein-font-family\"><time datetime=\"2024-04-29T16:18:00+00:00\">29. April 2024<\/time><\/div>\n\n\n<div style=\"height:100px\" aria-hidden=\"true\" class=\"wp-block-spacer wp-container-content-b0b89ccb\"><\/div>\n\n\n<div style=\"font-size:clamp(0.984rem, 0.984rem + ((1vw - 0.2rem) * 0.645), 1.5rem);\" class=\"wp-block-post-excerpt has-text-color has-contrast-2-color\"><p class=\"wp-block-post-excerpt__excerpt\">Mit Elan und Lebensfreude Am 28.04. trafen sich ein Paar gut gelaunte und gelassene Landseer und ihre Besitzer am Laacher See um gemeinsam die Gegend zu erkunden. Aber nicht nur Landseer trafen sich an der Gastst\u00e4tte \u201eWaldfrieden\u201c, neben anderen Rassen gesellte sich auch irischer Wolfshund zu unserer illustren Gruppe. Von der Gastst\u00e4tte aus ging es<\/p><p class=\"wp-block-post-excerpt__more-text\"><a class=\"wp-block-post-excerpt__more-link\" href=\"https:\/\/landseer-nothilfe.de\/index.php\/2024\/04\/29\/treffen-der-landseer-nothilfe-am-laacher-see\/\">Weiterlesen &#8230;<\/a><\/p><\/div>\n\n\n<div style=\"height:0px\" aria-hidden=\"true\" class=\"wp-block-spacer wp-container-content-b0b89ccb\"><\/div>\n<\/div>\n\n<\/li><li class=\"wp-block-post post-216 post type-post status-publish format-standard has-post-thumbnail hentry category-aktuelles\">\n<figure style=\"aspect-ratio:1; padding-bottom:0;margin-bottom:0;margin-top:0;\" class=\"wp-block-post-featured-image\"><a href=\"https:\/\/landseer-nothilfe.de\/index.php\/2024\/04\/01\/lnh-treffen-laacher-see\/\" target=\"_self\"  ><img loading=\"lazy\" decoding=\"async\" width=\"520\" height=\"303\" src=\"https:\/\/landseer-nothilfe.de\/wp-content\/uploads\/2025\/03\/Laacher-See-1.jpg\" class=\"attachment-post-thumbnail size-post-thumbnail wp-post-image\" alt=\"Landseer-Treffen am 28. April 2024 mit Spaziergang am Laacher See\" style=\"border-radius:0px;width:100%;height:100%;object-fit:cover;\" srcset=\"https:\/\/landseer-nothilfe.de\/wp-content\/uploads\/2025\/03\/Laacher-See-1.jpg 520w, https:\/\/landseer-nothilfe.de\/wp-content\/uploads\/2025\/03\/Laacher-See-1-300x175.jpg 300w\" sizes=\"auto, (max-width: 520px) 100vw, 520px\" \/><\/a><\/figure>\n\n\n<div class=\"wp-block-group has-link-color wp-elements-5d055f387d4f6cfab7be16eafd96d202 is-vertical is-nowrap is-layout-flex wp-container-core-group-is-layout-de347205 wp-block-group-is-layout-flex\" style=\"margin-top:var(--wp--preset--spacing--20);padding-top:var(--wp--preset--spacing--10);padding-bottom:var(--wp--preset--spacing--10)\"><h3 style=\"font-size:clamp(0.984rem, 0.984rem + ((1vw - 0.2rem) * 0.645), 1.5rem);\" class=\"wp-block-post-title wp-container-content-32e3a40d\">Landseer-Treffen am 28. April 2024 mit Spaziergang am Laacher See<\/h3>\n\n<div style=\"font-size:clamp(0.875rem, 0.875rem + ((1vw - 0.2rem) * 0.406), 1.2rem);font-style:normal;font-weight:500;line-height:0.5;\" class=\"has-link-color wp-elements-9497a97b01b0445fffeab87486f59a8d wp-block-post-date has-text-color has-custom-color-4-color has-plein-font-family\"><time datetime=\"2024-04-01T16:03:00+00:00\">1. April 2024<\/time><\/div>\n\n\n<div style=\"height:100px\" aria-hidden=\"true\" class=\"wp-block-spacer wp-container-content-b0b89ccb\"><\/div>\n\n\n<div style=\"font-size:clamp(0.984rem, 0.984rem + ((1vw - 0.2rem) * 0.645), 1.5rem);\" class=\"wp-block-post-excerpt has-text-color has-contrast-2-color\"><p class=\"wp-block-post-excerpt__excerpt\">Wir treffen uns am n\u00e4chsten Sonntag, 28. April 2024, um 11.30 Uhr am Restaurant \u201eVulkan Waldfrieden\u201c Hier geht es zum Restaurant Wir k\u00f6nnen auf dem gro\u00dfen Parkplatz gegen\u00fcber der Gastst\u00e4tte parken. Da werde ich mit meinem VW-Bus stehen. Die Strecke ist typisch f\u00fcr die Vulkaneifel und nicht zu anstrengend. Die Wanderwege im Wald sind gut,<\/p><p class=\"wp-block-post-excerpt__more-text\"><a class=\"wp-block-post-excerpt__more-link\" href=\"https:\/\/landseer-nothilfe.de\/index.php\/2024\/04\/01\/lnh-treffen-laacher-see\/\">Weiterlesen &#8230;<\/a><\/p><\/div>\n\n\n<div style=\"height:0px\" aria-hidden=\"true\" class=\"wp-block-spacer wp-container-content-b0b89ccb\"><\/div>\n<\/div>\n\n<\/li><li class=\"wp-block-post post-203 post type-post status-publish format-standard has-post-thumbnail hentry category-aktuelles\">\n<figure style=\"aspect-ratio:1; padding-bottom:0;margin-bottom:0;margin-top:0;\" class=\"wp-block-post-featured-image\"><a href=\"https:\/\/landseer-nothilfe.de\/index.php\/2024\/03\/13\/treffen-der-landseer-nothilfe-im-kottenforst-bei-bonn\/\" target=\"_self\"  ><img loading=\"lazy\" decoding=\"async\" width=\"1639\" height=\"2048\" src=\"https:\/\/landseer-nothilfe.de\/wp-content\/uploads\/2025\/03\/DSC3349-01.jpeg\" class=\"attachment-post-thumbnail size-post-thumbnail wp-post-image\" alt=\"Treffen der Landseer Nothilfe im Kottenforst bei Bonn\" style=\"border-radius:0px;width:100%;height:100%;object-fit:cover;\" srcset=\"https:\/\/landseer-nothilfe.de\/wp-content\/uploads\/2025\/03\/DSC3349-01.jpeg 1639w, https:\/\/landseer-nothilfe.de\/wp-content\/uploads\/2025\/03\/DSC3349-01-240x300.jpeg 240w, https:\/\/landseer-nothilfe.de\/wp-content\/uploads\/2025\/03\/DSC3349-01-820x1024.jpeg 820w, https:\/\/landseer-nothilfe.de\/wp-content\/uploads\/2025\/03\/DSC3349-01-768x960.jpeg 768w, https:\/\/landseer-nothilfe.de\/wp-content\/uploads\/2025\/03\/DSC3349-01-1229x1536.jpeg 1229w\" sizes=\"auto, (max-width: 1639px) 100vw, 1639px\" \/><\/a><\/figure>\n\n\n<div class=\"wp-block-group has-link-color wp-elements-5d055f387d4f6cfab7be16eafd96d202 is-vertical is-nowrap is-layout-flex wp-container-core-group-is-layout-de347205 wp-block-group-is-layout-flex\" style=\"margin-top:var(--wp--preset--spacing--20);padding-top:var(--wp--preset--spacing--10);padding-bottom:var(--wp--preset--spacing--10)\"><h3 style=\"font-size:clamp(0.984rem, 0.984rem + ((1vw - 0.2rem) * 0.645), 1.5rem);\" class=\"wp-block-post-title wp-container-content-32e3a40d\">Treffen der Landseer Nothilfe im Kottenforst bei Bonn<\/h3>\n\n<div style=\"font-size:clamp(0.875rem, 0.875rem + ((1vw - 0.2rem) * 0.406), 1.2rem);font-style:normal;font-weight:500;line-height:0.5;\" class=\"has-link-color wp-elements-9497a97b01b0445fffeab87486f59a8d wp-block-post-date has-text-color has-custom-color-4-color has-plein-font-family\"><time datetime=\"2024-03-13T15:56:00+00:00\">13. M\u00e4rz 2024<\/time><\/div>\n\n\n<div style=\"height:100px\" aria-hidden=\"true\" class=\"wp-block-spacer wp-container-content-b0b89ccb\"><\/div>\n\n\n<div style=\"font-size:clamp(0.984rem, 0.984rem + ((1vw - 0.2rem) * 0.645), 1.5rem);\" class=\"wp-block-post-excerpt has-text-color has-contrast-2-color\"><p class=\"wp-block-post-excerpt__excerpt\">Da sich f\u00fcr unser geplantes Treffen im Kottenforst Niemand angemeldet hat, wird die Veranstaltung abgesagt.<\/p><p class=\"wp-block-post-excerpt__more-text\"><a class=\"wp-block-post-excerpt__more-link\" href=\"https:\/\/landseer-nothilfe.de\/index.php\/2024\/03\/13\/treffen-der-landseer-nothilfe-im-kottenforst-bei-bonn\/\">Weiterlesen &#8230;<\/a><\/p><\/div>\n\n\n<div style=\"height:0px\" aria-hidden=\"true\" class=\"wp-block-spacer wp-container-content-b0b89ccb\"><\/div>\n<\/div>\n\n<\/li><\/ul>\n\n\n<hr class=\"wp-block-separator has-text-color has-custom-blau-color has-alpha-channel-opacity has-custom-blau-background-color has-background is-style-default\"\/>\n\n\n\n<div style=\"height:25px\" aria-hidden=\"true\" class=\"wp-block-spacer\"><\/div>\n\n\n<nav style=\"font-size:clamp(0.929rem, 0.929rem + ((1vw - 0.2rem) * 0.589), 1.4rem);\" class=\"has-link-color wp-elements-4fb53e78823f2817d7f579cd784d2b87 wp-block-query-pagination has-text-color has-contrast-2-color is-content-justification-space-between is-layout-flex wp-container-core-query-pagination-is-layout-b2891da8 wp-block-query-pagination-is-layout-flex\" aria-label=\"Seitennummerierung\">\n\n\n<div class=\"wp-block-query-pagination-numbers\"><span aria-current=\"page\" class=\"page-numbers current\">1<\/span>\n<a class=\"page-numbers\" href=\"?query-147-page=2\">2<\/a><\/div>\n\n<a href=\"\/index.php\/wp-json\/wp\/v2\/pages\/82?query-147-page=2\" class=\"wp-block-query-pagination-next\">N\u00e4chste Seite<span class='wp-block-query-pagination-next-arrow is-arrow-chevron' aria-hidden='true'>\u00bb<\/span><\/a>\n<\/nav><\/div>\n<\/div>\n<\/div>\n\n\n\n<div style=\"height:50px\" aria-hidden=\"true\" class=\"wp-block-spacer\"><\/div>\n<\/div>\n\n\n\n<div style=\"height:100px\" aria-hidden=\"true\" class=\"wp-block-spacer\"><\/div>\n","protected":false},"excerpt":{"rendered":"","protected":false},"author":1,"featured_media":0,"parent":0,"menu_order":0,"comment_status":"closed","ping_status":"closed","template":"","meta":{"footnotes":""},"class_list":["post-82","page","type-page","status-publish","hentry"],"_links":{"self":[{"href":"https:\/\/landseer-nothilfe.de\/index.php\/wp-json\/wp\/v2\/pages\/82","targetHints":{"allow":["GET"]}}],"collection":[{"href":"https:\/\/landseer-nothilfe.de\/index.php\/wp-json\/wp\/v2\/pages"}],"about":[{"href":"https:\/\/landseer-nothilfe.de\/index.php\/wp-json\/wp\/v2\/types\/page"}],"author":[{"embeddable":true,"href":"https:\/\/landseer-nothilfe.de\/index.php\/wp-json\/wp\/v2\/users\/1"}],"replies":[{"embeddable":true,"href":"https:\/\/landseer-nothilfe.de\/index.php\/wp-json\/wp\/v2\/comments?post=82"}],"version-history":[{"count":9,"href":"https:\/\/landseer-nothilfe.de\/index.php\/wp-json\/wp\/v2\/pages\/82\/revisions"}],"predecessor-version":[{"id":484,"href":"https:\/\/landseer-nothilfe.de\/index.php\/wp-json\/wp\/v2\/pages\/82\/revisions\/484"}],"wp:attachment":[{"href":"https:\/\/landseer-nothilfe.de\/index.php\/wp-json\/wp\/v2\/media?parent=82"}],"curies":[{"name":"wp","href":"https:\/\/api.w.org\/{rel}","templated":true}]}}